{"id":10000029,"date":"2024-09-11T12:15:59","date_gmt":"2024-09-11T10:15:59","guid":{"rendered":"https:\/\/agendacultural.catedraturismosostenible.es\/agenda\/?post_type=tribe_events&#038;p=19572"},"modified":"2024-09-11T12:15:59","modified_gmt":"2024-09-11T10:15:59","slug":"arde-lvcvs","status":"publish","type":"tribe_events","link":"https:\/\/agendacultural.catedraturismosostenible.es\/agenda\/event\/arde-lvcvs\/2024-09-13\/","title":{"rendered":"Arde Lvcvs"},"content":{"rendered":"<h2 id=\"festa-de-interese-turistico-galego-nacional-e-internacional\">Festa de interese tur\u00edstico galego, nacional e internacional.<\/h2>\n<p>Los d\u00edas 13, 14, 15 y 16 de junio de 2024, un fen\u00f3meno m\u00e1gico se apodera de nuevo\u00a0de cada esquina de Lugo, la ciudad m\u00e1s antigua de Galicia, transform\u00e1ndola por completo, llen\u00e1ndolos de personajes ancestrales que ya no deber\u00edan caminar entre nosotros. He aqu\u00ed la magia del Arde Lvcvs, retroceder en el tiempo para disfrutar de nuestro legado cultural e hist\u00f3rico en primera persona. Sum\u00e9rgete con nosotros en la vida de Lvcvs Avgvsti, destacada urbe y una de las capitales administrativas de la Gallaecia romana, y recorre su recinto amurallado, donde gozar de un pasado m\u00e1s vivo que nunca.<\/p>\n<p>Sum\u00e9rgete\u00a0con nosotros en el Arde Lvcvs MMXXIII<\/p>\n","protected":false},"excerpt":{"rendered":"Festa de interese tur\u00edstico galego, nacional e internacional. Los d\u00edas 13, 14, 15 y 16 de junio de&hellip;\n","protected":false},"author":1,"featured_media":19573,"comment_status":"closed","ping_status":"closed","template":"","meta":{"_tribe_events_status":"","_tribe_events_status_reason":"","_tribe_events_is_hybrid":"","_tribe_events_is_virtual":"","_tribe_events_virtual_video_source":"","_tribe_events_virtual_embed_video":"","_tribe_events_virtual_linked_button_text":"","_tribe_events_virtual_linked_button":"","_tribe_events_virtual_show_embed_at":"","_tribe_events_virtual_show_embed_to":[],"_tribe_events_virtual_show_on_event":"","_tribe_events_virtual_show_on_views":"","_tribe_events_virtual_url":"","footnotes":""},"tags":[],"tribe_events_cat":[],"class_list":["post-10000029","tribe_events","type-tribe_events","status-publish","has-post-thumbnail","tribe-recurring-event","tribe-recurring-event-parent","cs-entry","cs-video-wrap"],"_links":{"self":[{"href":"https:\/\/agendacultural.catedraturismosostenible.es\/agenda\/wp-json\/wp\/v2\/tribe_events\/10000029","targetHints":{"allow":["GET"]}}],"collection":[{"href":"https:\/\/agendacultural.catedraturismosostenible.es\/agenda\/wp-json\/wp\/v2\/tribe_events"}],"about":[{"href":"https:\/\/agendacultural.catedraturismosostenible.es\/agenda\/wp-json\/wp\/v2\/types\/tribe_events"}],"author":[{"embeddable":true,"href":"https:\/\/agendacultural.catedraturismosostenible.es\/agenda\/wp-json\/wp\/v2\/users\/1"}],"replies":[{"embeddable":true,"href":"https:\/\/agendacultural.catedraturismosostenible.es\/agenda\/wp-json\/wp\/v2\/comments?post=10000029"}],"version-history":[{"count":0,"href":"https:\/\/agendacultural.catedraturismosostenible.es\/agenda\/wp-json\/wp\/v2\/tribe_events\/10000029\/revisions"}],"wp:featuredmedia":[{"embeddable":true,"href":"https:\/\/agendacultural.catedraturismosostenible.es\/agenda\/wp-json\/wp\/v2\/media\/19573"}],"wp:attachment":[{"href":"https:\/\/agendacultural.catedraturismosostenible.es\/agenda\/wp-json\/wp\/v2\/media?parent=10000029"}],"wp:term":[{"taxonomy":"post_tag","embeddable":true,"href":"https:\/\/agendacultural.catedraturismosostenible.es\/agenda\/wp-json\/wp\/v2\/tags?post=10000029"},{"taxonomy":"tribe_events_cat","embeddable":true,"href":"https:\/\/agendacultural.catedraturismosostenible.es\/agenda\/wp-json\/wp\/v2\/tribe_events_cat?post=10000029"}],"curies":[{"name":"wp","href":"https:\/\/api.w.org\/{rel}","templated":true}]}}