{"id":19336,"date":"2024-05-09T11:38:15","date_gmt":"2024-05-09T09:38:15","guid":{"rendered":"https:\/\/agendacultural.catedraturismosostenible.es\/agenda\/?page_id=19336"},"modified":"2026-03-24T12:29:28","modified_gmt":"2026-03-24T11:29:28","slug":"agenda-comun","status":"publish","type":"page","link":"https:\/\/agendacultural.catedraturismosostenible.es\/agenda\/","title":{"rendered":"Agenda Com\u00fan"},"content":{"rendered":"\t\t<div data-elementor-type=\"wp-page\" data-elementor-id=\"19336\" class=\"elementor elementor-19336\" data-elementor-post-type=\"page\">\n\t\t\t\t<div class=\"elementor-element elementor-element-600bc5 e-con-full e-flex qodef-elementor-content-no e-con e-parent\" data-id=\"600bc5\" data-element_type=\"container\" data-settings=\"{&quot;background_background&quot;:&quot;classic&quot;}\">\n\t\t\t\t<div class=\"elementor-element elementor-element-046d5f3 elementor-widget elementor-widget-video\" data-id=\"046d5f3\" data-element_type=\"widget\" data-settings=\"{&quot;video_type&quot;:&quot;hosted&quot;,&quot;autoplay&quot;:&quot;yes&quot;,&quot;play_on_mobile&quot;:&quot;yes&quot;,&quot;mute&quot;:&quot;yes&quot;,&quot;loop&quot;:&quot;yes&quot;}\" data-widget_type=\"video.default\">\n\t\t\t\t<div class=\"elementor-widget-container\">\n\t\t\t<style>\/*! elementor - v3.21.0 - 08-05-2024 *\/\n.elementor-widget-video .elementor-widget-container{overflow:hidden;transform:translateZ(0)}.elementor-widget-video .elementor-wrapper{aspect-ratio:var(--video-aspect-ratio)}.elementor-widget-video .elementor-wrapper iframe,.elementor-widget-video .elementor-wrapper video{height:100%;width:100%;display:flex;border:none;background-color:#000}@supports not (aspect-ratio:1\/1){.elementor-widget-video .elementor-wrapper{position:relative;overflow:hidden;height:0;padding-bottom:calc(100% \/ var(--video-aspect-ratio))}.elementor-widget-video .elementor-wrapper iframe,.elementor-widget-video .elementor-wrapper video{position:absolute;top:0;right:0;bottom:0;left:0}}.elementor-widget-video .elementor-open-inline .elementor-custom-embed-image-overlay{position:absolute;top:0;right:0;bottom:0;left:0;background-size:cover;background-position:50%}.elementor-widget-video .elementor-custom-embed-image-overlay{cursor:pointer;text-align:center}.elementor-widget-video .elementor-custom-embed-image-overlay:hover .elementor-custom-embed-play i{opacity:1}.elementor-widget-video .elementor-custom-embed-image-overlay img{display:block;width:100%;aspect-ratio:var(--video-aspect-ratio);-o-object-fit:cover;object-fit:cover;-o-object-position:center center;object-position:center center}@supports not (aspect-ratio:1\/1){.elementor-widget-video .elementor-custom-embed-image-overlay{position:relative;overflow:hidden;height:0;padding-bottom:calc(100% \/ var(--video-aspect-ratio))}.elementor-widget-video .elementor-custom-embed-image-overlay img{position:absolute;top:0;right:0;bottom:0;left:0}}.elementor-widget-video .e-hosted-video .elementor-video{-o-object-fit:cover;object-fit:cover}.e-con-inner>.elementor-widget-video,.e-con>.elementor-widget-video{width:var(--container-widget-width);--flex-grow:var(--container-widget-flex-grow)}<\/style>\t\t<div class=\"e-hosted-video elementor-wrapper elementor-open-inline\">\n\t\t\t\t\t<video class=\"elementor-video\" src=\"https:\/\/agendacultural.catedraturismosostenible.es\/agenda\/wp-content\/uploads\/2024\/05\/acep-intro-2.mp4\" autoplay=\"\" loop=\"\" muted=\"muted\" playsinline=\"\" controlsList=\"nodownload\"><\/video>\n\t\t\t\t<\/div>\n\t\t\t\t<\/div>\n\t\t\t\t<\/div>\n\t\t\t\t<\/div>\n\t\t<div class=\"elementor-element elementor-element-1643d0f e-flex e-con-boxed qodef-elementor-content-no e-con e-parent\" data-id=\"1643d0f\" data-element_type=\"container\">\n\t\t\t\t\t<div class=\"e-con-inner\">\n\t\t<div class=\"elementor-element elementor-element-b9066bc e-flex e-con-boxed qodef-elementor-content-no e-con e-child\" data-id=\"b9066bc\" data-element_type=\"container\">\n\t\t\t\t\t<div class=\"e-con-inner\">\n\t\t\t\t<div class=\"elementor-element elementor-element-924d94a elementor-widget elementor-widget-qi_addons_for_elementor_blockquote\" data-id=\"924d94a\" data-element_type=\"widget\" data-widget_type=\"qi_addons_for_elementor_blockquote.default\">\n\t\t\t\t<div class=\"elementor-widget-container\">\n\t\t\t<div class=\"qodef-shortcode qodef-m  qodef-qi-blockquote qodef-layout--inline qodef--icon-pack\">\n\t\t\t<h3 id=\"asegurar-la-sostenibilidad-futura-de-los-territorios-convirtiendolos-en-lugares-mas-atractivos-para-vivir-trabajar-e-invertir\" class=\"qodef-m-text\">\n\t\t\t\t\t\t\t<span class=\"qodef-m-icon\">\n\t\t\t\t\t<svg aria-hidden=\"true\" class=\"e-font-icon-svg e-fas-quote-right\" viewBox=\"0 0 512 512\" xmlns=\"http:\/\/www.w3.org\/2000\/svg\"><path d=\"M464 32H336c-26.5 0-48 21.5-48 48v128c0 26.5 21.5 48 48 48h80v64c0 35.3-28.7 64-64 64h-8c-13.3 0-24 10.7-24 24v48c0 13.3 10.7 24 24 24h8c88.4 0 160-71.6 160-160V80c0-26.5-21.5-48-48-48zm-288 0H48C21.5 32 0 53.5 0 80v128c0 26.5 21.5 48 48 48h80v64c0 35.3-28.7 64-64 64h-8c-13.3 0-24 10.7-24 24v48c0 13.3 10.7 24 24 24h8c88.4 0 160-71.6 160-160V80c0-26.5-21.5-48-48-48z\"><\/path><\/svg>\t\t\t\t<\/span>\n\t\t\t\t\t\tAsegurar la sostenibilidad futura de los territorios, convirti\u00e9ndolos en lugares m\u00e1s atractivos para vivir, trabajar e invertir.\t\t<\/h3>\n\t<\/div>\n\t\t<\/div>\n\t\t\t\t<\/div>\n\t\t\t\t\t<\/div>\n\t\t\t\t<\/div>\n\t\t\t\t<div class=\"elementor-element elementor-element-8afd0c2 elementor-widget-divider--view-line elementor-widget elementor-widget-divider\" data-id=\"8afd0c2\" data-element_type=\"widget\" data-widget_type=\"divider.default\">\n\t\t\t\t<div class=\"elementor-widget-container\">\n\t\t\t<style>\/*! elementor - v3.21.0 - 08-05-2024 *\/\n.elementor-widget-divider{--divider-border-style:none;--divider-border-width:1px;--divider-color:#0c0d0e;--divider-icon-size:20px;--divider-element-spacing:10px;--divider-pattern-height:24px;--divider-pattern-size:20px;--divider-pattern-url:none;--divider-pattern-repeat:repeat-x}.elementor-widget-divider .elementor-divider{display:flex}.elementor-widget-divider .elementor-divider__text{font-size:15px;line-height:1;max-width:95%}.elementor-widget-divider .elementor-divider__element{margin:0 var(--divider-element-spacing);flex-shrink:0}.elementor-widget-divider .elementor-icon{font-size:var(--divider-icon-size)}.elementor-widget-divider .elementor-divider-separator{display:flex;margin:0;direction:ltr}.elementor-widget-divider--view-line_icon .elementor-divider-separator,.elementor-widget-divider--view-line_text .elementor-divider-separator{align-items:center}.elementor-widget-divider--view-line_icon .elementor-divider-separator:after,.elementor-widget-divider--view-line_icon .elementor-divider-separator:before,.elementor-widget-divider--view-line_text .elementor-divider-separator:after,.elementor-widget-divider--view-line_text .elementor-divider-separator:before{display:block;content:\"\";border-block-end:0;flex-grow:1;border-block-start:var(--divider-border-width) var(--divider-border-style) var(--divider-color)}.elementor-widget-divider--element-align-left .elementor-divider .elementor-divider-separator>.elementor-divider__svg:first-of-type{flex-grow:0;flex-shrink:100}.elementor-widget-divider--element-align-left .elementor-divider-separator:before{content:none}.elementor-widget-divider--element-align-left .elementor-divider__element{margin-left:0}.elementor-widget-divider--element-align-right .elementor-divider .elementor-divider-separator>.elementor-divider__svg:last-of-type{flex-grow:0;flex-shrink:100}.elementor-widget-divider--element-align-right .elementor-divider-separator:after{content:none}.elementor-widget-divider--element-align-right .elementor-divider__element{margin-right:0}.elementor-widget-divider--element-align-start .elementor-divider .elementor-divider-separator>.elementor-divider__svg:first-of-type{flex-grow:0;flex-shrink:100}.elementor-widget-divider--element-align-start .elementor-divider-separator:before{content:none}.elementor-widget-divider--element-align-start .elementor-divider__element{margin-inline-start:0}.elementor-widget-divider--element-align-end .elementor-divider .elementor-divider-separator>.elementor-divider__svg:last-of-type{flex-grow:0;flex-shrink:100}.elementor-widget-divider--element-align-end .elementor-divider-separator:after{content:none}.elementor-widget-divider--element-align-end .elementor-divider__element{margin-inline-end:0}.elementor-widget-divider:not(.elementor-widget-divider--view-line_text):not(.elementor-widget-divider--view-line_icon) .elementor-divider-separator{border-block-start:var(--divider-border-width) var(--divider-border-style) var(--divider-color)}.elementor-widget-divider--separator-type-pattern{--divider-border-style:none}.elementor-widget-divider--separator-type-pattern.elementor-widget-divider--view-line .elementor-divider-separator,.elementor-widget-divider--separator-type-pattern:not(.elementor-widget-divider--view-line) .elementor-divider-separator:after,.elementor-widget-divider--separator-type-pattern:not(.elementor-widget-divider--view-line) .elementor-divider-separator:before,.elementor-widget-divider--separator-type-pattern:not([class*=elementor-widget-divider--view]) .elementor-divider-separator{width:100%;min-height:var(--divider-pattern-height);-webkit-mask-size:var(--divider-pattern-size) 100%;mask-size:var(--divider-pattern-size) 100%;-webkit-mask-repeat:var(--divider-pattern-repeat);mask-repeat:var(--divider-pattern-repeat);background-color:var(--divider-color);-webkit-mask-image:var(--divider-pattern-url);mask-image:var(--divider-pattern-url)}.elementor-widget-divider--no-spacing{--divider-pattern-size:auto}.elementor-widget-divider--bg-round{--divider-pattern-repeat:round}.rtl .elementor-widget-divider .elementor-divider__text{direction:rtl}.e-con-inner>.elementor-widget-divider,.e-con>.elementor-widget-divider{width:var(--container-widget-width,100%);--flex-grow:var(--container-widget-flex-grow)}<\/style>\t\t<div class=\"elementor-divider\">\n\t\t\t<span class=\"elementor-divider-separator\">\n\t\t\t\t\t\t<\/span>\n\t\t<\/div>\n\t\t\t\t<\/div>\n\t\t\t\t<\/div>\n\t\t\t\t<div class=\"elementor-element elementor-element-3fa61ea elementor-widget__width-initial elementor-widget elementor-widget-qi_addons_for_elementor_section_title\" data-id=\"3fa61ea\" data-element_type=\"widget\" data-widget_type=\"qi_addons_for_elementor_section_title.default\">\n\t\t\t\t<div class=\"elementor-widget-container\">\n\t\t\t<div class=\"qodef-shortcode qodef-m  qodef-qi-section-title  qodef-decoration--italic  qodef-link--underline-draw qodef-subtitle-icon--left\">\n\t\t\t\t<h5 id=\"gobiernos-de-espana-y-portugal\" class=\"qodef-m-subtitle\">\n\t\tGobiernos de Espa\u00f1a y Portugal\t\t\t<\/h5>\n\t\t\t<h2 id=\"estrategia-comun-de-desarrollo-transfronterizo\" class=\"qodef-m-title\">\n\t\tEstrategia Com\u00fan de Desarrollo Transfronterizo\t<\/h2>\n\t\t\t<div class=\"qodef-m-text\"><p style=\"font-weight: 400\">supone el cumplimiento del compromiso de los Gobiernos de Espa\u00f1a y Portugal, recogido en el Memorando de Entendimiento firmado en 2018, en la XXX Cumbre Hispano-Portuguesa.<\/p><\/div>\n\t<\/div>\n\t\t<\/div>\n\t\t\t\t<\/div>\n\t\t\t\t<div class=\"elementor-element elementor-element-785b58e elementor-widget__width-initial elementor-widget elementor-widget-text-editor\" data-id=\"785b58e\" data-element_type=\"widget\" data-widget_type=\"text-editor.default\">\n\t\t\t\t<div class=\"elementor-widget-container\">\n\t\t\t<style>\/*! elementor - v3.21.0 - 08-05-2024 *\/\n.elementor-widget-text-editor.elementor-drop-cap-view-stacked .elementor-drop-cap{background-color:#69727d;color:#fff}.elementor-widget-text-editor.elementor-drop-cap-view-framed .elementor-drop-cap{color:#69727d;border:3px solid;background-color:transparent}.elementor-widget-text-editor:not(.elementor-drop-cap-view-default) .elementor-drop-cap{margin-top:8px}.elementor-widget-text-editor:not(.elementor-drop-cap-view-default) .elementor-drop-cap-letter{width:1em;height:1em}.elementor-widget-text-editor .elementor-drop-cap{float:left;text-align:center;line-height:1;font-size:50px}.elementor-widget-text-editor .elementor-drop-cap-letter{display:inline-block}<\/style>\t\t\t\t<p>La Estrategia Com\u00fan de Desarrollo Transfronterizo es un instrumento que complementa y potencia las acciones que, en materia de reto demogr\u00e1fico y desarrollo territorial, est\u00e1n poniendo en marcha ambos pa\u00edses, como la Estrat\u00e9gia para la Coes\u00e3o Territorial y el Programa de Valoriza\u00e7ao do Interior en Portugal, y la Estrategia Nacional frente al Reto Demogr\u00e1fico en Espa\u00f1a. As\u00ed, asume una importancia fundamental para el desarrollo de la cooperaci\u00f3n entre Portugal y Espa\u00f1a, marcando el inicio de un proceso duradero, que permitir\u00e1 la aplicaci\u00f3n, monitorizaci\u00f3n y evaluaci\u00f3n de sus medidas; inaugurando un proceso de cooperaci\u00f3n cualitativamente innovador entre los dos pa\u00edses.<\/p>\t\t\t\t\t\t<\/div>\n\t\t\t\t<\/div>\n\t\t\t\t\t<\/div>\n\t\t\t\t<\/div>\n\t\t<div class=\"elementor-element elementor-element-3ba4f8b e-flex e-con-boxed qodef-elementor-content-no e-con e-parent\" data-id=\"3ba4f8b\" data-element_type=\"container\">\n\t\t\t\t\t<div class=\"e-con-inner\">\n\t\t\t\t<div class=\"elementor-element elementor-element-792c5d0 elementor-widget-divider--view-line elementor-widget elementor-widget-divider\" data-id=\"792c5d0\" data-element_type=\"widget\" data-widget_type=\"divider.default\">\n\t\t\t\t<div class=\"elementor-widget-container\">\n\t\t\t\t\t<div class=\"elementor-divider\">\n\t\t\t<span class=\"elementor-divider-separator\">\n\t\t\t\t\t\t<\/span>\n\t\t<\/div>\n\t\t\t\t<\/div>\n\t\t\t\t<\/div>\n\t\t\t\t<div class=\"elementor-element elementor-element-9d1f21a elementor-widget__width-initial elementor-widget elementor-widget-qi_addons_for_elementor_section_title\" data-id=\"9d1f21a\" data-element_type=\"widget\" data-widget_type=\"qi_addons_for_elementor_section_title.default\">\n\t\t\t\t<div class=\"elementor-widget-container\">\n\t\t\t<div class=\"qodef-shortcode qodef-m  qodef-qi-section-title  qodef-decoration--italic  qodef-link--underline-draw qodef-subtitle-icon--left\">\n\t\t\t\t\t\t<h2 id=\"objetivos\" class=\"qodef-m-title\">\n\t\tObjetivos\t<\/h2>\n\t\t\t<div class=\"qodef-m-text\"><p style=\"font-weight: 400\">Para alcanzar las metas fijadas en el Memorando, se han establecido lo siguientes objetivos estrat\u00e9gicos:<\/p><\/div>\n\t<\/div>\n\t\t<\/div>\n\t\t\t\t<\/div>\n\t\t\t\t<div class=\"elementor-element elementor-element-aaa23a4 elementor-widget__width-initial elementor-widget elementor-widget-qi_addons_for_elementor_premium_vertical_timeline\" data-id=\"aaa23a4\" data-element_type=\"widget\" data-widget_type=\"qi_addons_for_elementor_premium_vertical_timeline.default\">\n\t\t\t\t<div class=\"elementor-widget-container\">\n\t\t\t<div class=\"qodef-shortcode qodef-m  qodef-vertical-timeline qodef-content-position--below qodef-point--standard \">\n\t<div class=\"qodef-m-holder\">\n        <div class=\"qodef-m-date-holder\">\n    <div class=\"qodef-e-line-holder\">\n        <span class=\"qodef-e-line\"><\/span>\n    <\/div>\n    <div class=\"qodef-m-date-holder-inner\">\n            <h4 id=\"\" class=\"qodef-m-date\">\n                <\/h4>\n        <\/div>\n<\/div>\t\t                <div class=\"qodef-e-item\">\n                    <div class=\"qodef-e-line-holder\">\n                        <span class=\"qodef-e-line\"><\/span>\n                    <\/div>\n                    <div class=\"qodef-e-item-inner\">\n                        <div class=\"qodef-e-point-holder\">\n                            <div class=\"qodef-e-point\">\n                                                            <\/div>\n                        <\/div>\n                        <div class=\"qodef-e-item-content\">\n                                                        <div class=\"qodef-e-content-holder\">\n                                <span class=\"qodef-e-hours\">Asegurar<\/span>                                \t<div class=\"qodef-m-content\"><p style=\"font-weight: 400;\">La igualdad de oportunidades y el libre ejercicio de los derechos de la ciudadan\u00eda en el marco del desarrollo de la Estrategia.<\/p><\/div>\n                            <\/div>\n                        <\/div>\n                    <\/div>\n                <\/div>\n                                <div class=\"qodef-e-item\">\n                    <div class=\"qodef-e-line-holder\">\n                        <span class=\"qodef-e-line\"><\/span>\n                    <\/div>\n                    <div class=\"qodef-e-item-inner\">\n                        <div class=\"qodef-e-point-holder\">\n                            <div class=\"qodef-e-point\">\n                                                            <\/div>\n                        <\/div>\n                        <div class=\"qodef-e-item-content\">\n                                                        <div class=\"qodef-e-content-holder\">\n                                <span class=\"qodef-e-hours\">Garantizar<\/span>                                \t<div class=\"qodef-m-content\"><p style=\"font-weight: 400;\">La prestaci\u00f3n adecuada de servicios b\u00e1sicos a todas las personas, adaptados a las caracter\u00edsticas del territorio y aprovechando los recursos de ambos lados de la frontera.<\/p><\/div>\n                            <\/div>\n                        <\/div>\n                    <\/div>\n                <\/div>\n                                <div class=\"qodef-e-item\">\n                    <div class=\"qodef-e-line-holder\">\n                        <span class=\"qodef-e-line\"><\/span>\n                    <\/div>\n                    <div class=\"qodef-e-item-inner\">\n                        <div class=\"qodef-e-point-holder\">\n                            <div class=\"qodef-e-point\">\n                                                            <\/div>\n                        <\/div>\n                        <div class=\"qodef-e-item-content\">\n                                                        <div class=\"qodef-e-content-holder\">\n                                <span class=\"qodef-e-hours\">Eliminar<\/span>                                \t<div class=\"qodef-m-content\"><p style=\"font-weight: 400;\">Barreras y costes de contexto, facilitando la interacci\u00f3n transfronteriza y reforzando las din\u00e1micas de cooperaci\u00f3n.<\/p><\/div>\n                            <\/div>\n                        <\/div>\n                    <\/div>\n                <\/div>\n                                <div class=\"qodef-e-item\">\n                    <div class=\"qodef-e-line-holder\">\n                        <span class=\"qodef-e-line\"><\/span>\n                    <\/div>\n                    <div class=\"qodef-e-item-inner\">\n                        <div class=\"qodef-e-point-holder\">\n                            <div class=\"qodef-e-point\">\n                                                            <\/div>\n                        <\/div>\n                        <div class=\"qodef-e-item-content\">\n                                                        <div class=\"qodef-e-content-holder\">\n                                <span class=\"qodef-e-hours\">Promover<\/span>                                \t<div class=\"qodef-m-content\"><p style=\"font-weight: 400;\">El atractivo de los territorios de frontera, fomentando el desarrollo de nuevas actividades econ\u00f3micas y nuevas iniciativas empresariales.<\/p><\/div>\n                            <\/div>\n                        <\/div>\n                    <\/div>\n                <\/div>\n                                <div class=\"qodef-e-item\">\n                    <div class=\"qodef-e-line-holder\">\n                        <span class=\"qodef-e-line\"><\/span>\n                    <\/div>\n                    <div class=\"qodef-e-item-inner\">\n                        <div class=\"qodef-e-point-holder\">\n                            <div class=\"qodef-e-point\">\n                                                            <\/div>\n                        <\/div>\n                        <div class=\"qodef-e-item-content\">\n                                                        <div class=\"qodef-e-content-holder\">\n                                <span class=\"qodef-e-hours\">Favorecer<\/span>                                \t<div class=\"qodef-m-content\"><p style=\"font-weight: 400;\">La fijaci\u00f3n de poblaci\u00f3n en las zonas transfronterizas, facilitando el establecimiento de las personas, ya sea como residencia habitual o como residencia temporal, apostando por nuevas formas de integraci\u00f3n y vinculaci\u00f3n que generen dinamismo en el territorio.<\/p><\/div>\n                            <\/div>\n                        <\/div>\n                    <\/div>\n                <\/div>\n                \t<\/div>\n<\/div>\n\t\t<\/div>\n\t\t\t\t<\/div>\n\t\t\t\t\t<\/div>\n\t\t\t\t<\/div>\n\t\t<div class=\"elementor-element elementor-element-c3fa5ed e-flex e-con-boxed qodef-elementor-content-no e-con e-parent\" data-id=\"c3fa5ed\" data-element_type=\"container\">\n\t\t\t\t\t<div class=\"e-con-inner\">\n\t\t\t\t<div class=\"elementor-element elementor-element-753aefc elementor-widget-divider--view-line elementor-widget elementor-widget-divider\" data-id=\"753aefc\" data-element_type=\"widget\" data-widget_type=\"divider.default\">\n\t\t\t\t<div class=\"elementor-widget-container\">\n\t\t\t\t\t<div class=\"elementor-divider\">\n\t\t\t<span class=\"elementor-divider-separator\">\n\t\t\t\t\t\t<\/span>\n\t\t<\/div>\n\t\t\t\t<\/div>\n\t\t\t\t<\/div>\n\t\t\t\t<div class=\"elementor-element elementor-element-20e3c5d elementor-widget__width-initial elementor-widget elementor-widget-qi_addons_for_elementor_section_title\" data-id=\"20e3c5d\" data-element_type=\"widget\" data-widget_type=\"qi_addons_for_elementor_section_title.default\">\n\t\t\t\t<div class=\"elementor-widget-container\">\n\t\t\t<div class=\"qodef-shortcode qodef-m  qodef-qi-section-title  qodef-decoration--italic  qodef-link--underline-draw qodef-subtitle-icon--left\">\n\t\t\t\t\t\t<h2 id=\"areas-tematicas\" class=\"qodef-m-title\">\n\t\t\u00c1reas tem\u00e1ticas\t<\/h2>\n\t\t\t<div class=\"qodef-m-text\"><p style=\"font-weight: 400\">Los objetivos estrat\u00e9gicos se lograr\u00e1n mediante actividades clasificadas en cinco \u00e1reas u objetivos tem\u00e1ticos:<\/p><\/div>\n\t<\/div>\n\t\t<\/div>\n\t\t\t\t<\/div>\n\t\t\t\t<div class=\"elementor-element elementor-element-831da77 elementor-widget__width-initial elementor-widget elementor-widget-qi_addons_for_elementor_premium_vertical_timeline\" data-id=\"831da77\" data-element_type=\"widget\" data-widget_type=\"qi_addons_for_elementor_premium_vertical_timeline.default\">\n\t\t\t\t<div class=\"elementor-widget-container\">\n\t\t\t<div class=\"qodef-shortcode qodef-m  qodef-vertical-timeline qodef-content-position--below qodef-point--standard \">\n\t<div class=\"qodef-m-holder\">\n        <div class=\"qodef-m-date-holder\">\n    <div class=\"qodef-e-line-holder\">\n        <span class=\"qodef-e-line\"><\/span>\n    <\/div>\n    <div class=\"qodef-m-date-holder-inner\">\n            <h4 id=\"-2\" class=\"qodef-m-date\">\n                <\/h4>\n        <\/div>\n<\/div>\t\t                <div class=\"qodef-e-item\">\n                    <div class=\"qodef-e-line-holder\">\n                        <span class=\"qodef-e-line\"><\/span>\n                    <\/div>\n                    <div class=\"qodef-e-item-inner\">\n                        <div class=\"qodef-e-point-holder\">\n                            <div class=\"qodef-e-point\">\n                                                            <\/div>\n                        <\/div>\n                        <div class=\"qodef-e-item-content\">\n                                                        <div class=\"qodef-e-content-holder\">\n                                <span class=\"qodef-e-hours\">Movilidad transfronteriza y eliminaci\u00f3n de los costes de contexto.<\/span>                                                            <\/div>\n                        <\/div>\n                    <\/div>\n                <\/div>\n                                <div class=\"qodef-e-item\">\n                    <div class=\"qodef-e-line-holder\">\n                        <span class=\"qodef-e-line\"><\/span>\n                    <\/div>\n                    <div class=\"qodef-e-item-inner\">\n                        <div class=\"qodef-e-point-holder\">\n                            <div class=\"qodef-e-point\">\n                                                            <\/div>\n                        <\/div>\n                        <div class=\"qodef-e-item-content\">\n                                                        <div class=\"qodef-e-content-holder\">\n                                <span class=\"qodef-e-hours\">Infraestructuras f\u00edsicas y digitales y conectividad territorial<\/span>                                \t<div class=\"qodef-m-content\"><p style=\"font-weight: 400;\">V\u00edas de comunicaci\u00f3n, Internet y red m\u00f3vil. Desarrollo de un Plan de Conectividad Digital, que proporcione cobertura digital adecuada - m\u00f3vil e Internet - en el territorio transfronterizo, y establecimiento de las bases para el desarrollo del servicio 5G.<\/p><\/div>\n                            <\/div>\n                        <\/div>\n                    <\/div>\n                <\/div>\n                                <div class=\"qodef-e-item\">\n                    <div class=\"qodef-e-line-holder\">\n                        <span class=\"qodef-e-line\"><\/span>\n                    <\/div>\n                    <div class=\"qodef-e-item-inner\">\n                        <div class=\"qodef-e-point-holder\">\n                            <div class=\"qodef-e-point\">\n                                                            <\/div>\n                        <\/div>\n                        <div class=\"qodef-e-item-content\">\n                                                        <div class=\"qodef-e-content-holder\">\n                                <span class=\"qodef-e-hours\">Gesti\u00f3n conjunta<\/span>                                \t<div class=\"qodef-m-content\"><p style=\"font-weight: 400;\">De servicios b\u00e1sicos en las \u00e1reas de educaci\u00f3n, salud, servicios sociales, protecci\u00f3n civil, u otros \u00e1mbitos en los que se constaten las ventajas de la prestaci\u00f3n conjunta. Incluye un amplio conjunto de medidas de mejora de la formaci\u00f3n en ambos pa\u00edses.<\/p><\/div>\n                            <\/div>\n                        <\/div>\n                    <\/div>\n                <\/div>\n                                <div class=\"qodef-e-item\">\n                    <div class=\"qodef-e-line-holder\">\n                        <span class=\"qodef-e-line\"><\/span>\n                    <\/div>\n                    <div class=\"qodef-e-item-inner\">\n                        <div class=\"qodef-e-point-holder\">\n                            <div class=\"qodef-e-point\">\n                                                            <\/div>\n                        <\/div>\n                        <div class=\"qodef-e-item-content\">\n                                                        <div class=\"qodef-e-content-holder\">\n                                <span class=\"qodef-e-hours\">Desarrollo econ\u00f3mico e innovaci\u00f3n territorial<\/span>                                \t<div class=\"qodef-m-content\"><p style=\"font-weight: 400;\">Atraer personas, empresas y nuevas actividades<\/p><\/div>\n                            <\/div>\n                        <\/div>\n                    <\/div>\n                <\/div>\n                                <div class=\"qodef-e-item\">\n                    <div class=\"qodef-e-line-holder\">\n                        <span class=\"qodef-e-line\"><\/span>\n                    <\/div>\n                    <div class=\"qodef-e-item-inner\">\n                        <div class=\"qodef-e-point-holder\">\n                            <div class=\"qodef-e-point\">\n                                                            <\/div>\n                        <\/div>\n                        <div class=\"qodef-e-item-content\">\n                                                        <div class=\"qodef-e-content-holder\">\n                                <span class=\"qodef-e-hours\">Medio ambiente, centros urbanos y cultura<\/span>                                \t<div class=\"qodef-m-content\"><p style=\"font-weight: 400;\">Incluye el Desarrollo de proyectos culturales transfronterizos vinculados al patrimonio cultural tangible e intangible.<\/p><\/div>\n                            <\/div>\n                        <\/div>\n                    <\/div>\n                <\/div>\n                \t<\/div>\n<\/div>\n\t\t<\/div>\n\t\t\t\t<\/div>\n\t\t\t\t\t<\/div>\n\t\t\t\t<\/div>\n\t\t<div class=\"elementor-element elementor-element-0ae1d97 e-con-full e-flex qodef-elementor-content-no e-con e-parent\" data-id=\"0ae1d97\" data-element_type=\"container\">\n\t\t\t\t<div class=\"elementor-element elementor-element-1f1f464 elementor-widget elementor-widget-image\" data-id=\"1f1f464\" data-element_type=\"widget\" data-widget_type=\"image.default\">\n\t\t\t\t<div class=\"elementor-widget-container\">\n\t\t\t<style>\/*! elementor - v3.21.0 - 08-05-2024 *\/\n.elementor-widget-image{text-align:center}.elementor-widget-image a{display:inline-block}.elementor-widget-image a img[src$=\".svg\"]{width:48px}.elementor-widget-image img{vertical-align:middle;display:inline-block}<\/style>\t\t\t\t\t\t\t\t\t\t<img fetchpriority=\"high\" decoding=\"async\" width=\"2048\" height=\"207\" src=\"https:\/\/agendacultural.catedraturismosostenible.es\/agenda\/wp-content\/uploads\/2026\/03\/acep-logos-ministerios-transparentes-2048x2072-1.png\" class=\"attachment-full size-full wp-image-19645\" alt=\"\" srcset=\"https:\/\/agendacultural.catedraturismosostenible.es\/agenda\/wp-content\/uploads\/2026\/03\/acep-logos-ministerios-transparentes-2048x2072-1.png 2048w, https:\/\/agendacultural.catedraturismosostenible.es\/agenda\/wp-content\/uploads\/2026\/03\/acep-logos-ministerios-transparentes-2048x2072-1-300x30.png 300w, https:\/\/agendacultural.catedraturismosostenible.es\/agenda\/wp-content\/uploads\/2026\/03\/acep-logos-ministerios-transparentes-2048x2072-1-1024x104.png 1024w, https:\/\/agendacultural.catedraturismosostenible.es\/agenda\/wp-content\/uploads\/2026\/03\/acep-logos-ministerios-transparentes-2048x2072-1-768x78.png 768w, https:\/\/agendacultural.catedraturismosostenible.es\/agenda\/wp-content\/uploads\/2026\/03\/acep-logos-ministerios-transparentes-2048x2072-1-1536x155.png 1536w, https:\/\/agendacultural.catedraturismosostenible.es\/agenda\/wp-content\/uploads\/2026\/03\/acep-logos-ministerios-transparentes-2048x2072-1-380x38.png 380w, https:\/\/agendacultural.catedraturismosostenible.es\/agenda\/wp-content\/uploads\/2026\/03\/acep-logos-ministerios-transparentes-2048x2072-1-800x81.png 800w, https:\/\/agendacultural.catedraturismosostenible.es\/agenda\/wp-content\/uploads\/2026\/03\/acep-logos-ministerios-transparentes-2048x2072-1-1160x117.png 1160w\" sizes=\"(max-width: 2048px) 100vw, 2048px\" \/>\t\t\t\t\t\t\t\t\t\t\t\t\t<\/div>\n\t\t\t\t<\/div>\n\t\t\t\t<\/div>\n\t\t<div class=\"elementor-element elementor-element-bb68eb2 e-flex e-con-boxed qodef-elementor-content-no e-con e-parent\" data-id=\"bb68eb2\" data-element_type=\"container\">\n\t\t\t\t\t<div class=\"e-con-inner\">\n\t\t\t\t\t<\/div>\n\t\t\t\t<\/div>\n\t\t\t\t<\/div>\n\t\t","protected":false},"excerpt":{"rendered":"https:\/\/agendacultural.catedraturismosostenible.es\/agenda\/wp-content\/uploads\/2024\/05\/acep-intro-2.mp4 Asegurar la sostenibilidad futura de los territorios, convirti\u00e9ndolos en lugares m\u00e1s atractivos para vivir, trabajar e invertir.&hellip;\n","protected":false},"author":7,"featured_media":0,"parent":0,"menu_order":0,"comment_status":"closed","ping_status":"closed","template":"template-canvas-fullwidth.php","meta":{"csco_singular_sidebar":"default","csco_page_header_type":"none","csco_page_load_nextpost":"","csco_post_video_location":[],"csco_post_video_url":"","csco_post_video_bg_start_time":0,"csco_post_video_bg_end_time":0,"footnotes":""},"class_list":["post-19336","page","type-page","status-publish","cs-entry","cs-video-wrap"],"_links":{"self":[{"href":"https:\/\/agendacultural.catedraturismosostenible.es\/agenda\/wp-json\/wp\/v2\/pages\/19336","targetHints":{"allow":["GET"]}}],"collection":[{"href":"https:\/\/agendacultural.catedraturismosostenible.es\/agenda\/wp-json\/wp\/v2\/pages"}],"about":[{"href":"https:\/\/agendacultural.catedraturismosostenible.es\/agenda\/wp-json\/wp\/v2\/types\/page"}],"author":[{"embeddable":true,"href":"https:\/\/agendacultural.catedraturismosostenible.es\/agenda\/wp-json\/wp\/v2\/users\/7"}],"replies":[{"embeddable":true,"href":"https:\/\/agendacultural.catedraturismosostenible.es\/agenda\/wp-json\/wp\/v2\/comments?post=19336"}],"version-history":[{"count":101,"href":"https:\/\/agendacultural.catedraturismosostenible.es\/agenda\/wp-json\/wp\/v2\/pages\/19336\/revisions"}],"predecessor-version":[{"id":19675,"href":"https:\/\/agendacultural.catedraturismosostenible.es\/agenda\/wp-json\/wp\/v2\/pages\/19336\/revisions\/19675"}],"wp:attachment":[{"href":"https:\/\/agendacultural.catedraturismosostenible.es\/agenda\/wp-json\/wp\/v2\/media?parent=19336"}],"curies":[{"name":"wp","href":"https:\/\/api.w.org\/{rel}","templated":true}]}}